{"id":6356,"date":"2024-04-15T15:55:23","date_gmt":"2024-04-15T18:55:23","guid":{"rendered":"https:\/\/escolinhacriarte.com.br\/site\/?page_id=6356"},"modified":"2025-04-11T11:35:34","modified_gmt":"2025-04-11T14:35:34","slug":"quem-somos","status":"publish","type":"page","link":"https:\/\/escolinhacriarte.com.br\/site\/quem-somos\/","title":{"rendered":"Quem Somos"},"content":{"rendered":"\t\t<div data-elementor-type=\"wp-page\" data-elementor-id=\"6356\" class=\"elementor elementor-6356\" data-elementor-post-type=\"page\">\n\t\t\t\t<div class=\"elementor-element elementor-element-6e73fe3 e-flex e-con-boxed e-con e-parent\" data-id=\"6e73fe3\" data-element_type=\"container\">\n\t\t\t\t\t<div class=\"e-con-inner\">\n\t\t<div class=\"elementor-element elementor-element-8d46343 e-con-full e-flex e-con e-child\" data-id=\"8d46343\" data-element_type=\"container\">\n\t\t\t\t<div class=\"elementor-element elementor-element-7559d7b elementor-widget elementor-widget-heading\" data-id=\"7559d7b\" data-element_type=\"widget\" data-widget_type=\"heading.default\">\n\t\t\t\t<div class=\"elementor-widget-container\">\n\t\t\t\t\t<h2 class=\"elementor-heading-title elementor-size-default\">A Escola<\/h2>\t\t\t\t<\/div>\n\t\t\t\t<\/div>\n\t\t\t\t<div class=\"elementor-element elementor-element-8cc3333 elementor-widget elementor-widget-text-editor\" data-id=\"8cc3333\" data-element_type=\"widget\" data-widget_type=\"text-editor.default\">\n\t\t\t\t<div class=\"elementor-widget-container\">\n\t\t\t\t\t\t\t\t\t<div>\n<p>A Escola Infantil Criarte, para crian\u00e7as de zero a seis anos,&nbsp; na zona norte de Porto Alegre, foi fundada em Mar\u00e7o de 2009 pelas s\u00f3cias Renata Morosini Dias Dietrich e Juliana Morosini Dias Corr\u00eaa.<\/p>\n<ul class=\"checkmarks_style\">\n<li><strong>Miss\u00e3o:<\/strong> Formar, por meio da educa\u00e7\u00e3o, cidad\u00e3os comprometidos, \u00e9ticos e solid\u00e1rios, valorizando o relacionamento entre a fam\u00edlia, a escola e a comunidade.<\/li>\n<li><strong>Vis\u00e3o:<\/strong> Ser refer\u00eancia na \u00e1rea de educa\u00e7\u00e3o de nossa comunidade.<\/li>\n<li><strong>Valores:<\/strong> \u00c9tica, responsabilidade social, valoriza\u00e7\u00e3o do ser humano, transpar\u00eancia, qualidade no atendimento e seguran\u00e7a.<\/li>\n<\/ul>\n<\/div>\t\t\t\t\t\t\t\t<\/div>\n\t\t\t\t<\/div>\n\t\t\t\t<\/div>\n\t\t<div class=\"elementor-element elementor-element-f8ec27c e-con-full e-flex e-con e-child\" data-id=\"f8ec27c\" data-element_type=\"container\">\n\t\t\t\t<div class=\"elementor-element elementor-element-3d7b939 elementor-widget elementor-widget-heading\" data-id=\"3d7b939\" data-element_type=\"widget\" data-widget_type=\"heading.default\">\n\t\t\t\t<div class=\"elementor-widget-container\">\n\t\t\t\t\t<h2 class=\"elementor-heading-title elementor-size-default\">Equipe<\/h2>\t\t\t\t<\/div>\n\t\t\t\t<\/div>\n\t\t\t\t<div class=\"elementor-element elementor-element-6380452 elementor-widget elementor-widget-text-editor\" data-id=\"6380452\" data-element_type=\"widget\" data-widget_type=\"text-editor.default\">\n\t\t\t\t<div class=\"elementor-widget-container\">\n\t\t\t\t\t\t\t\t\t<div><p>Nossa equipe \u00e9 multidisciplinar e est\u00e1 subdividida em:<\/p><ul class=\"checkmarks_style\"><li><strong>Equipe de Apoio:<\/strong> Portaria, cozinha e limpeza<\/li><li>Professores e Educadores Assistentes<\/li><li><strong>Profissionais Especializados:<\/strong> Coordenadora Pedag\u00f3gica, Nutricionista, Psic\u00f3loga e Fisioterapeuta<\/li><\/ul><\/div>\t\t\t\t\t\t\t\t<\/div>\n\t\t\t\t<\/div>\n\t\t\t\t<\/div>\n\t\t\t\t\t<\/div>\n\t\t\t\t<\/div>\n\t\t<div class=\"elementor-element elementor-element-42a2e96 e-flex e-con-boxed e-con e-parent\" data-id=\"42a2e96\" data-element_type=\"container\">\n\t\t\t\t\t<div class=\"e-con-inner\">\n\t\t\t\t<div class=\"elementor-element elementor-element-eb45489 elementor-widget elementor-widget-spacer\" data-id=\"eb45489\" data-element_type=\"widget\" data-widget_type=\"spacer.default\">\n\t\t\t\t<div class=\"elementor-widget-container\">\n\t\t\t\t\t\t\t<div class=\"elementor-spacer\">\n\t\t\t<div class=\"elementor-spacer-inner\"><\/div>\n\t\t<\/div>\n\t\t\t\t\t\t<\/div>\n\t\t\t\t<\/div>\n\t\t\t\t\t<\/div>\n\t\t\t\t<\/div>\n\t\t<div class=\"elementor-element elementor-element-d8bcd5f e-flex e-con-boxed e-con e-parent\" data-id=\"d8bcd5f\" data-element_type=\"container\">\n\t\t\t\t\t<div class=\"e-con-inner\">\n\t\t\t\t<div class=\"elementor-element elementor-element-fdd452e gallery-spacing-custom elementor-widget elementor-widget-image-gallery\" data-id=\"fdd452e\" data-element_type=\"widget\" data-widget_type=\"image-gallery.default\">\n\t\t\t\t<div class=\"elementor-widget-container\">\n\t\t\t\t\t\t\t<div class=\"elementor-image-gallery\">\n\t\t\t<div id='gallery-1' class='gallery galleryid-6356 gallery-columns-3 gallery-size-full'><figure class='gallery-item'>\n\t\t\t<div class='gallery-icon landscape'>\n\t\t\t\t<a data-elementor-open-lightbox=\"yes\" data-elementor-lightbox-slideshow=\"fdd452e\" data-elementor-lightbox-title=\"Quem Somos\" data-e-action-hash=\"#elementor-action%3Aaction%3Dlightbox%26settings%3DeyJpZCI6NDkwOSwidXJsIjoiaHR0cHM6XC9cL2VzY29saW5oYWNyaWFydGUuY29tLmJyXC9zaXRlXC93cC1jb250ZW50XC91cGxvYWRzXC8yMDE2XC8xMFwvcXVlbS1zb21vcy0yMDE2MTAxOTExNTMuanBnIiwic2xpZGVzaG93IjoiZmRkNDUyZSJ9\" href='https:\/\/escolinhacriarte.com.br\/site\/wp-content\/uploads\/2016\/10\/quem-somos-201610191153.jpg'><img fetchpriority=\"high\" decoding=\"async\" width=\"1200\" height=\"800\" src=\"https:\/\/escolinhacriarte.com.br\/site\/wp-content\/uploads\/2016\/10\/quem-somos-201610191153.jpg\" class=\"attachment-full size-full\" alt=\"Quem Somos\" srcset=\"https:\/\/escolinhacriarte.com.br\/site\/wp-content\/uploads\/2016\/10\/quem-somos-201610191153.jpg 1200w, https:\/\/escolinhacriarte.com.br\/site\/wp-content\/uploads\/2016\/10\/quem-somos-201610191153-300x200.jpg 300w, https:\/\/escolinhacriarte.com.br\/site\/wp-content\/uploads\/2016\/10\/quem-somos-201610191153-1024x683.jpg 1024w, https:\/\/escolinhacriarte.com.br\/site\/wp-content\/uploads\/2016\/10\/quem-somos-201610191153-768x512.jpg 768w\" sizes=\"(max-width: 1200px) 100vw, 1200px\" \/><\/a>\n\t\t\t<\/div><\/figure><figure class='gallery-item'>\n\t\t\t<div class='gallery-icon landscape'>\n\t\t\t\t<a data-elementor-open-lightbox=\"yes\" data-elementor-lightbox-slideshow=\"fdd452e\" data-elementor-lightbox-title=\"Quem Somos\" data-e-action-hash=\"#elementor-action%3Aaction%3Dlightbox%26settings%3DeyJpZCI6NDg3OCwidXJsIjoiaHR0cHM6XC9cL2VzY29saW5oYWNyaWFydGUuY29tLmJyXC9zaXRlXC93cC1jb250ZW50XC91cGxvYWRzXC8yMDE2XC8xMFwvcXVlbS1zb21vcy0yMDE2MTAwNjE0MjIuanBnIiwic2xpZGVzaG93IjoiZmRkNDUyZSJ9\" href='https:\/\/escolinhacriarte.com.br\/site\/wp-content\/uploads\/2016\/10\/quem-somos-201610061422.jpg'><img decoding=\"async\" width=\"1200\" height=\"800\" src=\"https:\/\/escolinhacriarte.com.br\/site\/wp-content\/uploads\/2016\/10\/quem-somos-201610061422.jpg\" class=\"attachment-full size-full\" alt=\"Quem Somos\" aria-describedby=\"gallery-1-4878\" srcset=\"https:\/\/escolinhacriarte.com.br\/site\/wp-content\/uploads\/2016\/10\/quem-somos-201610061422.jpg 1200w, https:\/\/escolinhacriarte.com.br\/site\/wp-content\/uploads\/2016\/10\/quem-somos-201610061422-300x200.jpg 300w, https:\/\/escolinhacriarte.com.br\/site\/wp-content\/uploads\/2016\/10\/quem-somos-201610061422-1024x683.jpg 1024w, https:\/\/escolinhacriarte.com.br\/site\/wp-content\/uploads\/2016\/10\/quem-somos-201610061422-768x512.jpg 768w\" sizes=\"(max-width: 1200px) 100vw, 1200px\" \/><\/a>\n\t\t\t<\/div>\n\t\t\t\t<figcaption class='wp-caption-text gallery-caption' id='gallery-1-4878'>\n\t\t\t\tQuem Somos\n\t\t\t\t<\/figcaption><\/figure><figure class='gallery-item'>\n\t\t\t<div class='gallery-icon landscape'>\n\t\t\t\t<a data-elementor-open-lightbox=\"yes\" data-elementor-lightbox-slideshow=\"fdd452e\" data-elementor-lightbox-title=\"Quem Somos\" data-e-action-hash=\"#elementor-action%3Aaction%3Dlightbox%26settings%3DeyJpZCI6NDkwOCwidXJsIjoiaHR0cHM6XC9cL2VzY29saW5oYWNyaWFydGUuY29tLmJyXC9zaXRlXC93cC1jb250ZW50XC91cGxvYWRzXC8yMDE2XC8xMFwvcXVlbS1zb21vcy0yMDE2MTAxOTExNTQuanBnIiwic2xpZGVzaG93IjoiZmRkNDUyZSJ9\" href='https:\/\/escolinhacriarte.com.br\/site\/wp-content\/uploads\/2016\/10\/quem-somos-201610191154.jpg'><img decoding=\"async\" width=\"1200\" height=\"800\" src=\"https:\/\/escolinhacriarte.com.br\/site\/wp-content\/uploads\/2016\/10\/quem-somos-201610191154.jpg\" class=\"attachment-full size-full\" alt=\"Quem Somos\" srcset=\"https:\/\/escolinhacriarte.com.br\/site\/wp-content\/uploads\/2016\/10\/quem-somos-201610191154.jpg 1200w, https:\/\/escolinhacriarte.com.br\/site\/wp-content\/uploads\/2016\/10\/quem-somos-201610191154-300x200.jpg 300w, https:\/\/escolinhacriarte.com.br\/site\/wp-content\/uploads\/2016\/10\/quem-somos-201610191154-1024x683.jpg 1024w, https:\/\/escolinhacriarte.com.br\/site\/wp-content\/uploads\/2016\/10\/quem-somos-201610191154-768x512.jpg 768w\" sizes=\"(max-width: 1200px) 100vw, 1200px\" \/><\/a>\n\t\t\t<\/div><\/figure>\n\t\t<\/div>\n\t\t<\/div>\n\t\t\t\t\t\t<\/div>\n\t\t\t\t<\/div>\n\t\t\t\t\t<\/div>\n\t\t\t\t<\/div>\n\t\t\t\t<\/div>\n\t\t","protected":false},"excerpt":{"rendered":"<p>A Escola A Escola Infantil Criarte, para crian\u00e7as de zero a seis anos,&nbsp; na zona norte de Porto Alegre, foi fundada em Mar\u00e7o de 2009 pelas s\u00f3cias Renata Morosini Dias Dietrich e Juliana Morosini Dias Corr\u00eaa. Miss\u00e3o: Formar, por meio da educa\u00e7\u00e3o, cidad\u00e3os comprometidos, \u00e9ticos e solid\u00e1rios, valorizando o relacionamento entre a fam\u00edlia, a escola [&hellip;]<\/p>\n","protected":false},"author":1,"featured_media":4907,"parent":0,"menu_order":0,"comment_status":"closed","ping_status":"closed","template":"","meta":{"footnotes":""},"class_list":["post-6356","page","type-page","status-publish","has-post-thumbnail","hentry"],"_links":{"self":[{"href":"https:\/\/escolinhacriarte.com.br\/site\/wp-json\/wp\/v2\/pages\/6356","targetHints":{"allow":["GET"]}}],"collection":[{"href":"https:\/\/escolinhacriarte.com.br\/site\/wp-json\/wp\/v2\/pages"}],"about":[{"href":"https:\/\/escolinhacriarte.com.br\/site\/wp-json\/wp\/v2\/types\/page"}],"author":[{"embeddable":true,"href":"https:\/\/escolinhacriarte.com.br\/site\/wp-json\/wp\/v2\/users\/1"}],"replies":[{"embeddable":true,"href":"https:\/\/escolinhacriarte.com.br\/site\/wp-json\/wp\/v2\/comments?post=6356"}],"version-history":[{"count":38,"href":"https:\/\/escolinhacriarte.com.br\/site\/wp-json\/wp\/v2\/pages\/6356\/revisions"}],"predecessor-version":[{"id":7249,"href":"https:\/\/escolinhacriarte.com.br\/site\/wp-json\/wp\/v2\/pages\/6356\/revisions\/7249"}],"wp:featuredmedia":[{"embeddable":true,"href":"https:\/\/escolinhacriarte.com.br\/site\/wp-json\/wp\/v2\/media\/4907"}],"wp:attachment":[{"href":"https:\/\/escolinhacriarte.com.br\/site\/wp-json\/wp\/v2\/media?parent=6356"}],"curies":[{"name":"wp","href":"https:\/\/api.w.org\/{rel}","templated":true}]}}